{"id":2002,"date":"2013-04-10T20:28:31","date_gmt":"2013-04-10T20:28:31","guid":{"rendered":"http:\/\/para.llel.us\/themes\/moxie-wp\/?page_id=345"},"modified":"2022-06-28T19:19:11","modified_gmt":"2022-06-28T19:19:11","slug":"blog-from-shortcode","status":"publish","type":"page","link":"https:\/\/comision20dediciembrede1989.org.pa\/index.php\/blog-from-shortcode\/","title":{"rendered":"Blog from Shortcode"},"content":{"rendered":"<p>[vc_row el_position=\u00bbfirst\u00bb] [vc_column width=\u00bb2\/3&#8243;] [vc_text_separator title=\u00bbBlog Posts from Shortcode (image left)\u00bb title_align=\u00bbseparator_align_left\u00bb el_position=\u00bbfirst\u00bb] [vc_column_text el_position=\u00bblast\u00bb]<\/p>\n\t<article id=\"post-0\" class=\"post no-results not-found\">\n\t\t<header class=\"entry-header\">\n\t\t\t<h1 class=\"entry-title\">Sorry, no blog posts were found.<\/h1>\n\t\t<\/header>\n\t\t\t\t\t<div class=\"entry-content\">\n\t\t\t\t<p>We did not find any posts. Try searching for the content or check in another area of the site. Thank you.<\/p>\n\t\t\t\t<form method=\"get\" id=\"SearchForm\" action=\"https:\/\/comision20dediciembrede1989.org.pa\/\">\n\t<div class=\"searchFormContainer\">\n\t\t<input type=\"text\" name=\"s\" id=\"s\" class=\"searchFormInput\" value=\"\" placeholder=\"Search...\" \/>\n\t\t<input type=\"submit\" id=\"searchsubmit\" value=\"Search\">\n\t<\/div>\n<\/form>\n\n\t\t\t<\/div><!-- .entry-content -->\n\t\t\t<\/article><!-- #post-0 -->\n\n\n<p>[\/vc_column_text] [\/vc_column] [vc_column width=\u00bb1\/3&#8243;] [vc_column_text el_position=\u00bbfirst last\u00bb]<\/p>\n<h4 style=\"margin-top: 0;\">Blog image left:<\/h4>\n<p>Create blog post lists using the <code>[blog]<\/code> shortcode.<\/p>\n<pre><span style=\"line-height: 1.714285714; font-size: 1rem;\">[blog template=\"blog-image-left\"\u00a0cat=\"4,6\"]<\/span><\/pre>\n<p>The [blog] shortcode will accept any parameters which can be used in the <a title=\"wp_query Documentation\" href=\"https:\/\/codex.wordpress.org\/Class_Reference\/WP_Query\" target=\"_blank\" rel=\"noopener\">wp_query<\/a> object. \u00a0For strings and integer values simply add them like normal shortcode parameters, for example: \u00a0[blog cat=\"4\"]. When using array values be sure to have separate them with commas, for example: \u00a0[blog\u00a0category__not_in=\u00bb3,6,9&#8243;].<\/p>\n<p>[\/vc_column_text] [\/vc_column] [\/vc_row] [vc_row] [vc_column] [vc_raw_html el_position=\u00bbfirst\u00bb] JTNDcCUzRSUyNm5ic3AlM0IlM0MlMkZwJTNF [\/vc_raw_html] <div class=\"separator-large\" ><\/div> [vc_raw_html el_position=\u00bblast\u00bb] JTNDcCUzRSUyNm5ic3AlM0IlM0MlMkZwJTNF [\/vc_raw_html] [\/vc_column] [\/vc_row] [vc_row el_position=\u00bblast\u00bb] [vc_column width=\u00bb2\/3&#8243;] [vc_text_separator title=\u00bbBlog Posts from Shortcode (image top)\u00bb title_align=\u00bbseparator_align_left\u00bb el_position=\u00bbfirst\u00bb] [vc_column_text el_position=\u00bblast\u00bb]<\/p>\n\t<article id=\"post-0\" class=\"post no-results not-found\">\n\t\t<header class=\"entry-header\">\n\t\t\t<h1 class=\"entry-title\">Sorry, no blog posts were found.<\/h1>\n\t\t<\/header>\n\t\t\t\t\t<div class=\"entry-content\">\n\t\t\t\t<p>We did not find any posts. Try searching for the content or check in another area of the site. Thank you.<\/p>\n\t\t\t\t<form method=\"get\" id=\"SearchForm\" action=\"https:\/\/comision20dediciembrede1989.org.pa\/\">\n\t<div class=\"searchFormContainer\">\n\t\t<input type=\"text\" name=\"s\" id=\"s\" class=\"searchFormInput\" value=\"\" placeholder=\"Search...\" \/>\n\t\t<input type=\"submit\" id=\"searchsubmit\" value=\"Search\">\n\t<\/div>\n<\/form>\n\n\t\t\t<\/div><!-- .entry-content -->\n\t\t\t<\/article><!-- #post-0 -->\n\n\n<p>[\/vc_column_text] [\/vc_column] [vc_column width=\u00bb1\/3&#8243;] [vc_column_text el_position=\u00bbfirst last\u00bb]<\/p>\n<h4 style=\"margin-top: 0;\">Blog image top:<\/h4>\n<p>Create blog post lists using the <code>[blog]<\/code> shortcode.<\/p>\n<pre>[blog cat=\"-12\"]<\/pre>\n<p>The [blog] shortcode will accept any parameters which can be used in the <a title=\"wp_query Documentation\" href=\"https:\/\/codex.wordpress.org\/Class_Reference\/WP_Query\" target=\"_blank\" rel=\"noopener\">wp_query<\/a> object. \u00a0For strings and integer values simply add them like normal shortcode parameters, for example: \u00a0[blog cat=\"4\"]. When using array values be sure to separate them with commas, for example: \u00a0[blog\u00a0category__not_in=\u00bb3,6,9&#8243;].<\/p>\n<p>[\/vc_column_text] [\/vc_column] [\/vc_row]<\/p>\n","protected":false},"excerpt":{"rendered":"<p>[vc_row el_position=\u00bbfirst\u00bb] [vc_column width=\u00bb2\/3&#8243;] [vc_text_separator title=\u00bbBlog Posts from Shortcode (image left)\u00bb title_align=\u00bbseparator_align_left\u00bb el_position=\u00bbfirst\u00bb] [vc_column_text el_position=\u00bblast\u00bb] [\/vc_column_text] [\/vc_column] [vc_column width=\u00bb1\/3&#8243;] [vc_column_text el_position=\u00bbfirst last\u00bb] Blog image left: Create blog post lists using the Comisi\u00f3n 20 de Diciembre anuncia nueva fase de exhumaciones en el Cementerio Jard\u00edn de Paz Date: marzo 7, 2026\/Author: a dg\/Category: 01-2026, 2026 Retoman trabajos de exhumaciones para identificar a las v\u00edctimas de la invasi\u00f3n Las exhumaciones est\u00e1n programadas para el 2 de febero a&#8230; Date: enero 31, 2026\/Author: a dg\/Category: 01-2026, 2026 Panam\u00e1 inicia nueva fase de exhumaci\u00f3n de v\u00edctimas de la invasi\u00f3n de 1989 El lunes 2 de febrero comienzan nuevas exhumaciones en el&#8230; Date: enero 31, 2026\/Author: a dg\/Category: 01-2026, 2026 Comisi\u00f3n 20 de Diciembre retoma exhumaciones en el cementerio Jard\u00edn de Paz La Comisi\u00f3n 20 de Diciembre de 1989\u00a0inform\u00f3 la ma\u00f1ana de&#8230; Date: enero 31, 2026\/Author: a dg\/Category: 01-2026, 2026 Comisi\u00f3n 20 de Diciembre retoma exhumaciones en el cementerio Jard\u00edn de Paz el lunes 2 de febrero Estas acciones forman parte de las investigaciones destinadas a esclarecer&#8230; Date: enero 31, 2026\/Author: a dg\/Category: 01-2026, 2026 Contin\u00faa proceso de exhumaci\u00f3n en el Cementerio Jard\u00edn de Paz La Comisi\u00f3n 20 de Diciembre de 1989 inform\u00f3 a la&#8230; Date: enero 31, 2026\/Author: a dg\/Category: 01-2026, 2026 Siguen las exhumaciones por la invasi\u00f3n gringa del 89 La Comisi\u00f3n 20 de Diciembre de 1989 anunci\u00f3 la continuaci\u00f3n&#8230; Date: enero 31, 2026\/Author: a dg\/Category: 01-2026, 2026 Comisi\u00f3n 20 de Diciembre anuncia nueva fase de exhumaciones en el Cementerio Jard\u00edn de Paz [&hellip;]<\/p>\n","protected":false},"author":7,"featured_media":0,"parent":0,"menu_order":6,"comment_status":"closed","ping_status":"closed","template":"","meta":{"footnotes":""},"class_list":["post-2002","page","type-page","status-publish","hentry"],"yoast_head":"<!-- This site is optimized with the Yoast SEO plugin v27.5 - https:\/\/yoast.com\/product\/yoast-seo-wordpress\/ -->\n<title>Blog from Shortcode - Comision 20 de diciembre<\/title>\n<meta name=\"robots\" content=\"index, follow, max-snippet:-1, max-image-preview:large, max-video-preview:-1\" \/>\n<link rel=\"canonical\" href=\"https:\/\/comision20dediciembrede1989.org.pa\/index.php\/blog-from-shortcode\/\" \/>\n<meta property=\"og:locale\" content=\"es_ES\" \/>\n<meta property=\"og:type\" content=\"article\" \/>\n<meta property=\"og:title\" content=\"Blog from Shortcode - Comision 20 de diciembre\" \/>\n<meta property=\"og:description\" content=\"[vc_row el_position=\u00bbfirst\u00bb] [vc_column width=\u00bb2\/3&#8243;] [vc_text_separator title=\u00bbBlog Posts from Shortcode (image left)\u00bb title_align=\u00bbseparator_align_left\u00bb el_position=\u00bbfirst\u00bb] [vc_column_text el_position=\u00bblast\u00bb] [\/vc_column_text] [\/vc_column] [vc_column width=\u00bb1\/3&#8243;] [vc_column_text el_position=\u00bbfirst last\u00bb] Blog image left: Create blog post lists using the Comisi\u00f3n 20 de Diciembre anuncia nueva fase de exhumaciones en el Cementerio Jard\u00edn de Paz Date: marzo 7, 2026\/Author: a dg\/Category: 01-2026, 2026 Retoman trabajos de exhumaciones para identificar a las v\u00edctimas de la invasi\u00f3n Las exhumaciones est\u00e1n programadas para el 2 de febero a... Date: enero 31, 2026\/Author: a dg\/Category: 01-2026, 2026 Panam\u00e1 inicia nueva fase de exhumaci\u00f3n de v\u00edctimas de la invasi\u00f3n de 1989 El lunes 2 de febrero comienzan nuevas exhumaciones en el... Date: enero 31, 2026\/Author: a dg\/Category: 01-2026, 2026 Comisi\u00f3n 20 de Diciembre retoma exhumaciones en el cementerio Jard\u00edn de Paz La Comisi\u00f3n 20 de Diciembre de 1989\u00a0inform\u00f3 la ma\u00f1ana de... Date: enero 31, 2026\/Author: a dg\/Category: 01-2026, 2026 Comisi\u00f3n 20 de Diciembre retoma exhumaciones en el cementerio Jard\u00edn de Paz el lunes 2 de febrero Estas acciones forman parte de las investigaciones destinadas a esclarecer... Date: enero 31, 2026\/Author: a dg\/Category: 01-2026, 2026 Contin\u00faa proceso de exhumaci\u00f3n en el Cementerio Jard\u00edn de Paz La Comisi\u00f3n 20 de Diciembre de 1989 inform\u00f3 a la... Date: enero 31, 2026\/Author: a dg\/Category: 01-2026, 2026 Siguen las exhumaciones por la invasi\u00f3n gringa del 89 La Comisi\u00f3n 20 de Diciembre de 1989 anunci\u00f3 la continuaci\u00f3n... Date: enero 31, 2026\/Author: a dg\/Category: 01-2026, 2026 Comisi\u00f3n 20 de Diciembre anuncia nueva fase de exhumaciones en el Cementerio Jard\u00edn de Paz [&hellip;]\" \/>\n<meta property=\"og:url\" content=\"https:\/\/comision20dediciembrede1989.org.pa\/index.php\/blog-from-shortcode\/\" \/>\n<meta property=\"og:site_name\" content=\"Comision 20 de diciembre\" \/>\n<meta property=\"article:modified_time\" content=\"2022-06-28T19:19:11+00:00\" \/>\n<meta name=\"twitter:card\" content=\"summary_large_image\" \/>\n<meta name=\"twitter:label1\" content=\"Tiempo de lectura\" \/>\n\t<meta name=\"twitter:data1\" content=\"1 minuto\" \/>\n<script type=\"application\/ld+json\" class=\"yoast-schema-graph\">{\"@context\":\"https:\\\/\\\/schema.org\",\"@graph\":[{\"@type\":\"WebPage\",\"@id\":\"https:\\\/\\\/comision20dediciembrede1989.org.pa\\\/index.php\\\/blog-from-shortcode\\\/\",\"url\":\"https:\\\/\\\/comision20dediciembrede1989.org.pa\\\/index.php\\\/blog-from-shortcode\\\/\",\"name\":\"Blog from Shortcode - Comision 20 de diciembre\",\"isPartOf\":{\"@id\":\"https:\\\/\\\/comision20dediciembrede1989.org.pa\\\/#website\"},\"datePublished\":\"2013-04-10T20:28:31+00:00\",\"dateModified\":\"2022-06-28T19:19:11+00:00\",\"breadcrumb\":{\"@id\":\"https:\\\/\\\/comision20dediciembrede1989.org.pa\\\/index.php\\\/blog-from-shortcode\\\/#breadcrumb\"},\"inLanguage\":\"es\",\"potentialAction\":[{\"@type\":\"ReadAction\",\"target\":[\"https:\\\/\\\/comision20dediciembrede1989.org.pa\\\/index.php\\\/blog-from-shortcode\\\/\"]}]},{\"@type\":\"BreadcrumbList\",\"@id\":\"https:\\\/\\\/comision20dediciembrede1989.org.pa\\\/index.php\\\/blog-from-shortcode\\\/#breadcrumb\",\"itemListElement\":[{\"@type\":\"ListItem\",\"position\":1,\"name\":\"Portada\",\"item\":\"https:\\\/\\\/comision20dediciembrede1989.org.pa\\\/\"},{\"@type\":\"ListItem\",\"position\":2,\"name\":\"Blog from Shortcode\"}]},{\"@type\":\"WebSite\",\"@id\":\"https:\\\/\\\/comision20dediciembrede1989.org.pa\\\/#website\",\"url\":\"https:\\\/\\\/comision20dediciembrede1989.org.pa\\\/\",\"name\":\"Comision 20 de diciembre\",\"description\":\"Por la Verdad, la Memoria y la Justicia\",\"potentialAction\":[{\"@type\":\"SearchAction\",\"target\":{\"@type\":\"EntryPoint\",\"urlTemplate\":\"https:\\\/\\\/comision20dediciembrede1989.org.pa\\\/?s={search_term_string}\"},\"query-input\":{\"@type\":\"PropertyValueSpecification\",\"valueRequired\":true,\"valueName\":\"search_term_string\"}}],\"inLanguage\":\"es\"}]}<\/script>\n<!-- \/ Yoast SEO plugin. -->","yoast_head_json":{"title":"Blog from Shortcode - Comision 20 de diciembre","robots":{"index":"index","follow":"follow","max-snippet":"max-snippet:-1","max-image-preview":"max-image-preview:large","max-video-preview":"max-video-preview:-1"},"canonical":"https:\/\/comision20dediciembrede1989.org.pa\/index.php\/blog-from-shortcode\/","og_locale":"es_ES","og_type":"article","og_title":"Blog from Shortcode - Comision 20 de diciembre","og_description":"[vc_row el_position=\u00bbfirst\u00bb] [vc_column width=\u00bb2\/3&#8243;] [vc_text_separator title=\u00bbBlog Posts from Shortcode (image left)\u00bb title_align=\u00bbseparator_align_left\u00bb el_position=\u00bbfirst\u00bb] [vc_column_text el_position=\u00bblast\u00bb] [\/vc_column_text] [\/vc_column] [vc_column width=\u00bb1\/3&#8243;] [vc_column_text el_position=\u00bbfirst last\u00bb] Blog image left: Create blog post lists using the Comisi\u00f3n 20 de Diciembre anuncia nueva fase de exhumaciones en el Cementerio Jard\u00edn de Paz Date: marzo 7, 2026\/Author: a dg\/Category: 01-2026, 2026 Retoman trabajos de exhumaciones para identificar a las v\u00edctimas de la invasi\u00f3n Las exhumaciones est\u00e1n programadas para el 2 de febero a... Date: enero 31, 2026\/Author: a dg\/Category: 01-2026, 2026 Panam\u00e1 inicia nueva fase de exhumaci\u00f3n de v\u00edctimas de la invasi\u00f3n de 1989 El lunes 2 de febrero comienzan nuevas exhumaciones en el... Date: enero 31, 2026\/Author: a dg\/Category: 01-2026, 2026 Comisi\u00f3n 20 de Diciembre retoma exhumaciones en el cementerio Jard\u00edn de Paz La Comisi\u00f3n 20 de Diciembre de 1989\u00a0inform\u00f3 la ma\u00f1ana de... Date: enero 31, 2026\/Author: a dg\/Category: 01-2026, 2026 Comisi\u00f3n 20 de Diciembre retoma exhumaciones en el cementerio Jard\u00edn de Paz el lunes 2 de febrero Estas acciones forman parte de las investigaciones destinadas a esclarecer... Date: enero 31, 2026\/Author: a dg\/Category: 01-2026, 2026 Contin\u00faa proceso de exhumaci\u00f3n en el Cementerio Jard\u00edn de Paz La Comisi\u00f3n 20 de Diciembre de 1989 inform\u00f3 a la... Date: enero 31, 2026\/Author: a dg\/Category: 01-2026, 2026 Siguen las exhumaciones por la invasi\u00f3n gringa del 89 La Comisi\u00f3n 20 de Diciembre de 1989 anunci\u00f3 la continuaci\u00f3n... Date: enero 31, 2026\/Author: a dg\/Category: 01-2026, 2026 Comisi\u00f3n 20 de Diciembre anuncia nueva fase de exhumaciones en el Cementerio Jard\u00edn de Paz [&hellip;]","og_url":"https:\/\/comision20dediciembrede1989.org.pa\/index.php\/blog-from-shortcode\/","og_site_name":"Comision 20 de diciembre","article_modified_time":"2022-06-28T19:19:11+00:00","twitter_card":"summary_large_image","twitter_misc":{"Tiempo de lectura":"1 minuto"},"schema":{"@context":"https:\/\/schema.org","@graph":[{"@type":"WebPage","@id":"https:\/\/comision20dediciembrede1989.org.pa\/index.php\/blog-from-shortcode\/","url":"https:\/\/comision20dediciembrede1989.org.pa\/index.php\/blog-from-shortcode\/","name":"Blog from Shortcode - Comision 20 de diciembre","isPartOf":{"@id":"https:\/\/comision20dediciembrede1989.org.pa\/#website"},"datePublished":"2013-04-10T20:28:31+00:00","dateModified":"2022-06-28T19:19:11+00:00","breadcrumb":{"@id":"https:\/\/comision20dediciembrede1989.org.pa\/index.php\/blog-from-shortcode\/#breadcrumb"},"inLanguage":"es","potentialAction":[{"@type":"ReadAction","target":["https:\/\/comision20dediciembrede1989.org.pa\/index.php\/blog-from-shortcode\/"]}]},{"@type":"BreadcrumbList","@id":"https:\/\/comision20dediciembrede1989.org.pa\/index.php\/blog-from-shortcode\/#breadcrumb","itemListElement":[{"@type":"ListItem","position":1,"name":"Portada","item":"https:\/\/comision20dediciembrede1989.org.pa\/"},{"@type":"ListItem","position":2,"name":"Blog from Shortcode"}]},{"@type":"WebSite","@id":"https:\/\/comision20dediciembrede1989.org.pa\/#website","url":"https:\/\/comision20dediciembrede1989.org.pa\/","name":"Comision 20 de diciembre","description":"Por la Verdad, la Memoria y la Justicia","potentialAction":[{"@type":"SearchAction","target":{"@type":"EntryPoint","urlTemplate":"https:\/\/comision20dediciembrede1989.org.pa\/?s={search_term_string}"},"query-input":{"@type":"PropertyValueSpecification","valueRequired":true,"valueName":"search_term_string"}}],"inLanguage":"es"}]}},"_links":{"self":[{"href":"https:\/\/comision20dediciembrede1989.org.pa\/index.php\/wp-json\/wp\/v2\/pages\/2002","targetHints":{"allow":["GET"]}}],"collection":[{"href":"https:\/\/comision20dediciembrede1989.org.pa\/index.php\/wp-json\/wp\/v2\/pages"}],"about":[{"href":"https:\/\/comision20dediciembrede1989.org.pa\/index.php\/wp-json\/wp\/v2\/types\/page"}],"author":[{"embeddable":true,"href":"https:\/\/comision20dediciembrede1989.org.pa\/index.php\/wp-json\/wp\/v2\/users\/7"}],"replies":[{"embeddable":true,"href":"https:\/\/comision20dediciembrede1989.org.pa\/index.php\/wp-json\/wp\/v2\/comments?post=2002"}],"version-history":[{"count":1,"href":"https:\/\/comision20dediciembrede1989.org.pa\/index.php\/wp-json\/wp\/v2\/pages\/2002\/revisions"}],"predecessor-version":[{"id":2936,"href":"https:\/\/comision20dediciembrede1989.org.pa\/index.php\/wp-json\/wp\/v2\/pages\/2002\/revisions\/2936"}],"wp:attachment":[{"href":"https:\/\/comision20dediciembrede1989.org.pa\/index.php\/wp-json\/wp\/v2\/media?parent=2002"}],"curies":[{"name":"wp","href":"https:\/\/api.w.org\/{rel}","templated":true}]}}